{"id":1234,"date":"2022-02-17T15:21:19","date_gmt":"2022-02-17T15:21:19","guid":{"rendered":"http:\/\/iribrasil.org\/?page_id=1234"},"modified":"2022-02-25T18:18:31","modified_gmt":"2022-02-25T18:18:31","slug":"blog","status":"publish","type":"page","link":"https:\/\/iribrasil.org\/en\/blog\/","title":{"rendered":"Blog"},"content":{"rendered":"<div data-elementor-type=\"wp-page\" data-elementor-id=\"1234\" class=\"elementor elementor-1234\" data-elementor-post-type=\"page\">\n\t\t\t\t\t\t\t\t\t<section class=\"elementor-section elementor-top-section elementor-element elementor-element-3a52755 elementor-section-stretched elementor-section-full_width elementor-section-height-default elementor-section-height-default elementor-invisible\" data-id=\"3a52755\" data-element_type=\"section\" data-settings=\"{&quot;stretch_section&quot;:&quot;section-stretched&quot;,&quot;animation&quot;:&quot;fadeIn&quot;}\">\n\t\t\t\t\t\t<div class=\"elementor-container elementor-column-gap-default\">\n\t\t\t\t\t<div class=\"elementor-column elementor-col-100 elementor-top-column elementor-element elementor-element-d4f596b\" data-id=\"d4f596b\" data-element_type=\"column\">\n\t\t\t<div class=\"elementor-widget-wrap elementor-element-populated\">\n\t\t\t\t\t\t\t\t<div class=\"elementor-element elementor-element-66aa881 elementor-grid-2 elementor-grid-tablet-2 elementor-grid-mobile-1 elementor-posts--thumbnail-top elementor-widget elementor-widget-posts\" data-id=\"66aa881\" data-element_type=\"widget\" data-settings=\"{&quot;classic_columns&quot;:&quot;2&quot;,&quot;pagination_type&quot;:&quot;numbers_and_prev_next&quot;,&quot;classic_row_gap&quot;:{&quot;unit&quot;:&quot;px&quot;,&quot;size&quot;:65,&quot;sizes&quot;:[]},&quot;classic_columns_tablet&quot;:&quot;2&quot;,&quot;classic_columns_mobile&quot;:&quot;1&quot;,&quot;classic_row_gap_tablet&quot;:{&quot;unit&quot;:&quot;px&quot;,&quot;size&quot;:&quot;&quot;,&quot;sizes&quot;:[]},&quot;classic_row_gap_mobile&quot;:{&quot;unit&quot;:&quot;px&quot;,&quot;size&quot;:&quot;&quot;,&quot;sizes&quot;:[]}}\" data-widget_type=\"posts.classic\">\n\t\t\t\t<div class=\"elementor-widget-container\">\n\t\t\t\t\t<div class=\"elementor-posts-container elementor-posts elementor-posts--skin-classic elementor-grid\">\n\t\t\t\t<article class=\"elementor-post elementor-grid-item post-2747 post type-post status-publish format-standard has-post-thumbnail hentry category-noticias-da-iri\">\n\t\t\t\t<a class=\"elementor-post__thumbnail__link\" href=\"https:\/\/iribrasil.org\/en\/2025\/11\/14\/e-uma-emocao-muito-grande-religiosos-do-brasil-unem-fe-e-ciencia-por-etica-do-cuidado-na-cop30\/\" tabindex=\"-1\" >\n\t\t\t<div class=\"elementor-post__thumbnail\"><img loading=\"lazy\" decoding=\"async\" width=\"800\" height=\"450\" src=\"https:\/\/iribrasil.org\/wp-content\/uploads\/2025\/11\/Capa-para-Youtube--1024x576.png\" class=\"attachment-large size-large wp-image-2737\" alt=\"\" srcset=\"https:\/\/iribrasil.org\/wp-content\/uploads\/2025\/11\/Capa-para-Youtube--1024x576.png 1024w, https:\/\/iribrasil.org\/wp-content\/uploads\/2025\/11\/Capa-para-Youtube--300x169.png 300w, https:\/\/iribrasil.org\/wp-content\/uploads\/2025\/11\/Capa-para-Youtube--768x432.png 768w, https:\/\/iribrasil.org\/wp-content\/uploads\/2025\/11\/Capa-para-Youtube--1536x864.png 1536w, https:\/\/iribrasil.org\/wp-content\/uploads\/2025\/11\/Capa-para-Youtube--2048x1152.png 2048w, https:\/\/iribrasil.org\/wp-content\/uploads\/2025\/11\/Capa-para-Youtube--18x10.png 18w\" sizes=\"auto, (max-width: 800px) 100vw, 800px\" \/><\/div>\n\t\t<\/a>\n\t\t\t\t<div class=\"elementor-post__text\">\n\t\t\t\t<h3 class=\"elementor-post__title\">\n\t\t\t<a href=\"https:\/\/iribrasil.org\/en\/2025\/11\/14\/e-uma-emocao-muito-grande-religiosos-do-brasil-unem-fe-e-ciencia-por-etica-do-cuidado-na-cop30\/\" >\n\t\t\t\t&#8220;\u00c9 uma emo\u00e7\u00e3o muito grande&#8221;: Religiosos do Brasil unem f\u00e9 e ci\u00eancia por &#8220;\u00c9tica do Cuidado&#8221; na COP30\t\t\t<\/a>\n\t\t<\/h3>\n\t\t\t\t<div class=\"elementor-post__meta-data\">\n\t\t\t\t\t<span class=\"elementor-post-date\">\n\t\t\tNovember 14, 2025\t\t<\/span>\n\t\t\t\t<\/div>\n\t\t\t\t<div class=\"elementor-post__excerpt\">\n\t\t\t<p>Movimento inter-religioso e socioambiental refor\u00e7a o papel das comunidades de f\u00e9 na Justi\u00e7a Clim\u00e1tica e destaca a Amaz\u00f4nia como prioridade. Bel\u00e9m\/PA, 14 de novembro de<\/p>\n\t\t<\/div>\n\t\t\n\t\t<a class=\"elementor-post__read-more\" href=\"https:\/\/iribrasil.org\/en\/2025\/11\/14\/e-uma-emocao-muito-grande-religiosos-do-brasil-unem-fe-e-ciencia-por-etica-do-cuidado-na-cop30\/\" aria-label=\"Read more about &#8220;\u00c9 uma emo\u00e7\u00e3o muito grande&#8221;: Religiosos do Brasil unem f\u00e9 e ci\u00eancia por &#8220;\u00c9tica do Cuidado&#8221; na COP30\" tabindex=\"-1\" >\n\t\t\tRead More\t\t<\/a>\n\n\t\t\t\t<\/div>\n\t\t\t\t<\/article>\n\t\t\t\t<article class=\"elementor-post elementor-grid-item post-2736 post type-post status-publish format-standard has-post-thumbnail hentry category-noticias-da-iri tag-brasil tag-cop30\">\n\t\t\t\t<a class=\"elementor-post__thumbnail__link\" href=\"https:\/\/iribrasil.org\/en\/2025\/11\/12\/a-iri-na-cop-em-belem-fe-e-espiritualidade-para-impulsionar-agenda-de-acao-pela-defesa-da-vida-e-das-florestas\/\" tabindex=\"-1\" >\n\t\t\t<div class=\"elementor-post__thumbnail\"><img loading=\"lazy\" decoding=\"async\" width=\"800\" height=\"534\" src=\"https:\/\/iribrasil.org\/wp-content\/uploads\/2025\/11\/DSC00765-1024x683.png\" class=\"attachment-large size-large wp-image-2745\" alt=\"\" srcset=\"https:\/\/iribrasil.org\/wp-content\/uploads\/2025\/11\/DSC00765-1024x683.png 1024w, https:\/\/iribrasil.org\/wp-content\/uploads\/2025\/11\/DSC00765-300x200.png 300w, https:\/\/iribrasil.org\/wp-content\/uploads\/2025\/11\/DSC00765-768x512.png 768w, https:\/\/iribrasil.org\/wp-content\/uploads\/2025\/11\/DSC00765-1536x1024.png 1536w, https:\/\/iribrasil.org\/wp-content\/uploads\/2025\/11\/DSC00765-2048x1365.png 2048w, https:\/\/iribrasil.org\/wp-content\/uploads\/2025\/11\/DSC00765-18x12.png 18w\" sizes=\"auto, (max-width: 800px) 100vw, 800px\" \/><\/div>\n\t\t<\/a>\n\t\t\t\t<div class=\"elementor-post__text\">\n\t\t\t\t<h3 class=\"elementor-post__title\">\n\t\t\t<a href=\"https:\/\/iribrasil.org\/en\/2025\/11\/12\/a-iri-na-cop-em-belem-fe-e-espiritualidade-para-impulsionar-agenda-de-acao-pela-defesa-da-vida-e-das-florestas\/\" >\n\t\t\t\tA IRI na COP: Em Bel\u00e9m, f\u00e9 e espiritualidade para impulsionar agenda de a\u00e7\u00e3o pela defesa da vida e das florestas\u00a0\t\t\t<\/a>\n\t\t<\/h3>\n\t\t\t\t<div class=\"elementor-post__meta-data\">\n\t\t\t\t\t<span class=\"elementor-post-date\">\n\t\t\tNovember 12, 2025\t\t<\/span>\n\t\t\t\t<\/div>\n\t\t\t\t<div class=\"elementor-post__excerpt\">\n\t\t\t<p>Bel\u00e9m\/PA \u2013 A Iniciativa Inter-Religiosa pelas Florestas Tropicais no Brasil (IRI-Brasil) desembarcou em Bel\u00e9m do Par\u00e1 para a COP30 (Confer\u00eancia das Na\u00e7\u00f5es Unidas sobre Mudan\u00e7as<\/p>\n\t\t<\/div>\n\t\t\n\t\t<a class=\"elementor-post__read-more\" href=\"https:\/\/iribrasil.org\/en\/2025\/11\/12\/a-iri-na-cop-em-belem-fe-e-espiritualidade-para-impulsionar-agenda-de-acao-pela-defesa-da-vida-e-das-florestas\/\" aria-label=\"Read more about A IRI na COP: Em Bel\u00e9m, f\u00e9 e espiritualidade para impulsionar agenda de a\u00e7\u00e3o pela defesa da vida e das florestas\u00a0\" tabindex=\"-1\" >\n\t\t\tRead More\t\t<\/a>\n\n\t\t\t\t<\/div>\n\t\t\t\t<\/article>\n\t\t\t\t<article class=\"elementor-post elementor-grid-item post-2706 post type-post status-publish format-standard has-post-thumbnail hentry category-noticias-da-iri tag-amazonia tag-iri-brasil tag-mudancas-climaticas tag-pl-2-159-2021\">\n\t\t\t\t<a class=\"elementor-post__thumbnail__link\" href=\"https:\/\/iribrasil.org\/en\/2025\/07\/29\/carta-aberta-ao-presidente-lula\/\" tabindex=\"-1\" >\n\t\t\t<div class=\"elementor-post__thumbnail\"><img loading=\"lazy\" decoding=\"async\" width=\"800\" height=\"220\" src=\"https:\/\/iribrasil.org\/wp-content\/uploads\/2025\/07\/Screenshot-2025-07-29-at-19.55.42-1-1024x281.png\" class=\"attachment-large size-large wp-image-2710\" alt=\"\" srcset=\"https:\/\/iribrasil.org\/wp-content\/uploads\/2025\/07\/Screenshot-2025-07-29-at-19.55.42-1-1024x281.png 1024w, https:\/\/iribrasil.org\/wp-content\/uploads\/2025\/07\/Screenshot-2025-07-29-at-19.55.42-1-300x82.png 300w, https:\/\/iribrasil.org\/wp-content\/uploads\/2025\/07\/Screenshot-2025-07-29-at-19.55.42-1-768x210.png 768w, https:\/\/iribrasil.org\/wp-content\/uploads\/2025\/07\/Screenshot-2025-07-29-at-19.55.42-1-1536x421.png 1536w, https:\/\/iribrasil.org\/wp-content\/uploads\/2025\/07\/Screenshot-2025-07-29-at-19.55.42-1-18x5.png 18w, https:\/\/iribrasil.org\/wp-content\/uploads\/2025\/07\/Screenshot-2025-07-29-at-19.55.42-1.png 1671w\" sizes=\"auto, (max-width: 800px) 100vw, 800px\" \/><\/div>\n\t\t<\/a>\n\t\t\t\t<div class=\"elementor-post__text\">\n\t\t\t\t<h3 class=\"elementor-post__title\">\n\t\t\t<a href=\"https:\/\/iribrasil.org\/en\/2025\/07\/29\/carta-aberta-ao-presidente-lula\/\" >\n\t\t\t\tCARTA ABERTA AO PRESIDENTE LULA\t\t\t<\/a>\n\t\t<\/h3>\n\t\t\t\t<div class=\"elementor-post__meta-data\">\n\t\t\t\t\t<span class=\"elementor-post-date\">\n\t\t\tJuly 29, 2025\t\t<\/span>\n\t\t\t\t<\/div>\n\t\t\t\t<div class=\"elementor-post__excerpt\">\n\t\t\t<p>Um apelo das comunidades de f\u00e9 pelo veto ao PL 2.159\/2021Pelo direito de viver com dignidade, sa\u00fade e esperan\u00e7a Excelent\u00edssimo Senhor Presidente Luiz In\u00e1cio Lula<\/p>\n\t\t<\/div>\n\t\t\n\t\t<a class=\"elementor-post__read-more\" href=\"https:\/\/iribrasil.org\/en\/2025\/07\/29\/carta-aberta-ao-presidente-lula\/\" aria-label=\"Read more about CARTA ABERTA AO PRESIDENTE LULA\" tabindex=\"-1\" >\n\t\t\tRead More\t\t<\/a>\n\n\t\t\t\t<\/div>\n\t\t\t\t<\/article>\n\t\t\t\t<article class=\"elementor-post elementor-grid-item post-2471 post type-post status-publish format-standard has-post-thumbnail hentry category-noticias-da-iri\">\n\t\t\t\t<a class=\"elementor-post__thumbnail__link\" href=\"https:\/\/iribrasil.org\/en\/2024\/07\/10\/entidades-religiosas-assinam-carta-aberta-pedindo-que-os-senadores-nao-aprovem-o-marco-temporal-na-ccj\/\" tabindex=\"-1\" >\n\t\t\t<div class=\"elementor-post__thumbnail\"><img loading=\"lazy\" decoding=\"async\" width=\"800\" height=\"600\" src=\"https:\/\/iribrasil.org\/wp-content\/uploads\/2024\/07\/DJI_0013-1-1024x768.jpg\" class=\"attachment-large size-large wp-image-2474\" alt=\"\" srcset=\"https:\/\/iribrasil.org\/wp-content\/uploads\/2024\/07\/DJI_0013-1-1024x768.jpg 1024w, https:\/\/iribrasil.org\/wp-content\/uploads\/2024\/07\/DJI_0013-1-300x225.jpg 300w, https:\/\/iribrasil.org\/wp-content\/uploads\/2024\/07\/DJI_0013-1-768x576.jpg 768w, https:\/\/iribrasil.org\/wp-content\/uploads\/2024\/07\/DJI_0013-1-1536x1152.jpg 1536w, https:\/\/iribrasil.org\/wp-content\/uploads\/2024\/07\/DJI_0013-1-2048x1536.jpg 2048w, https:\/\/iribrasil.org\/wp-content\/uploads\/2024\/07\/DJI_0013-1-16x12.jpg 16w\" sizes=\"auto, (max-width: 800px) 100vw, 800px\" \/><\/div>\n\t\t<\/a>\n\t\t\t\t<div class=\"elementor-post__text\">\n\t\t\t\t<h3 class=\"elementor-post__title\">\n\t\t\t<a href=\"https:\/\/iribrasil.org\/en\/2024\/07\/10\/entidades-religiosas-assinam-carta-aberta-pedindo-que-os-senadores-nao-aprovem-o-marco-temporal-na-ccj\/\" >\n\t\t\t\tEntidades religiosas assinam Carta Aberta pedindo que os senadores n\u00e3o aprovem o Marco Temporal na CCJ\u00a0\t\t\t<\/a>\n\t\t<\/h3>\n\t\t\t\t<div class=\"elementor-post__meta-data\">\n\t\t\t\t\t<span class=\"elementor-post-date\">\n\t\t\tJuly 10, 2024\t\t<\/span>\n\t\t\t\t<\/div>\n\t\t\t\t<div class=\"elementor-post__excerpt\">\n\t\t\t<p>Bras\u00edlia, 10 de julho de 2024\u00a0 \u2013 Em uma Carta Aberta ao Senadores que comp\u00f5em a Comiss\u00e3o de Constitui\u00e7\u00e3o e Justi\u00e7a no Senado Federal, entidades<\/p>\n\t\t<\/div>\n\t\t\n\t\t<a class=\"elementor-post__read-more\" href=\"https:\/\/iribrasil.org\/en\/2024\/07\/10\/entidades-religiosas-assinam-carta-aberta-pedindo-que-os-senadores-nao-aprovem-o-marco-temporal-na-ccj\/\" aria-label=\"Read more about Entidades religiosas assinam Carta Aberta pedindo que os senadores n\u00e3o aprovem o Marco Temporal na CCJ\u00a0\" tabindex=\"-1\" >\n\t\t\tRead More\t\t<\/a>\n\n\t\t\t\t<\/div>\n\t\t\t\t<\/article>\n\t\t\t\t<article class=\"elementor-post elementor-grid-item post-2444 post type-post status-publish format-standard has-post-thumbnail hentry category-noticias-da-iri tag-amazonia tag-amazonia-viva tag-cheiro-digital tag-dia-do-meio-ambiente tag-experiencia-imersiva tag-florestas-tropicais tag-iri-brasil tag-meio-ambiente tag-metaverso-4d tag-mudancas-climaticas tag-noar-brasil tag-povos-indigenas tag-realidade-virtual tag-stf tag-supremo-tribunal-federal\">\n\t\t\t\t<a class=\"elementor-post__thumbnail__link\" href=\"https:\/\/iribrasil.org\/en\/2024\/06\/10\/iri-brasil-inaugura-no-dia-mundial-do-meio-ambiente-experiencia-imersiva-amazonia-viva-no-stf\/\" tabindex=\"-1\" >\n\t\t\t<div class=\"elementor-post__thumbnail\"><img loading=\"lazy\" decoding=\"async\" width=\"800\" height=\"534\" src=\"https:\/\/iribrasil.org\/wp-content\/uploads\/2024\/06\/53772193553_2da0abc5ab_o-1024x683.jpg\" class=\"attachment-large size-large wp-image-2446\" alt=\"\" srcset=\"https:\/\/iribrasil.org\/wp-content\/uploads\/2024\/06\/53772193553_2da0abc5ab_o-1024x683.jpg 1024w, https:\/\/iribrasil.org\/wp-content\/uploads\/2024\/06\/53772193553_2da0abc5ab_o-300x200.jpg 300w, https:\/\/iribrasil.org\/wp-content\/uploads\/2024\/06\/53772193553_2da0abc5ab_o-768x512.jpg 768w, https:\/\/iribrasil.org\/wp-content\/uploads\/2024\/06\/53772193553_2da0abc5ab_o-1536x1025.jpg 1536w, https:\/\/iribrasil.org\/wp-content\/uploads\/2024\/06\/53772193553_2da0abc5ab_o-2048x1366.jpg 2048w, https:\/\/iribrasil.org\/wp-content\/uploads\/2024\/06\/53772193553_2da0abc5ab_o-18x12.jpg 18w\" sizes=\"auto, (max-width: 800px) 100vw, 800px\" \/><\/div>\n\t\t<\/a>\n\t\t\t\t<div class=\"elementor-post__text\">\n\t\t\t\t<h3 class=\"elementor-post__title\">\n\t\t\t<a href=\"https:\/\/iribrasil.org\/en\/2024\/06\/10\/iri-brasil-inaugura-no-dia-mundial-do-meio-ambiente-experiencia-imersiva-amazonia-viva-no-stf\/\" >\n\t\t\t\tIRI Brasil inaugura no Dia Mundial do Meio Ambiente experi\u00eancia imersiva \u201cAmaz\u00f4nia Viva\u201d no STF\t\t\t<\/a>\n\t\t<\/h3>\n\t\t\t\t<div class=\"elementor-post__meta-data\">\n\t\t\t\t\t<span class=\"elementor-post-date\">\n\t\t\tJune 10, 2024\t\t<\/span>\n\t\t\t\t<\/div>\n\t\t\t\t<div class=\"elementor-post__excerpt\">\n\t\t\t<p>A Iniciativa Inter-religiosa pelas Florestas Tropicais (IRI Brasil) inaugurou na tarde desta quarta-feira, 5 de junho, a experi\u00eancia imersiva &#8220;Amaz\u00f4nia Viva&#8221; no Hall dos Bustos<\/p>\n\t\t<\/div>\n\t\t\n\t\t<a class=\"elementor-post__read-more\" href=\"https:\/\/iribrasil.org\/en\/2024\/06\/10\/iri-brasil-inaugura-no-dia-mundial-do-meio-ambiente-experiencia-imersiva-amazonia-viva-no-stf\/\" aria-label=\"Read more about IRI Brasil inaugura no Dia Mundial do Meio Ambiente experi\u00eancia imersiva \u201cAmaz\u00f4nia Viva\u201d no STF\" tabindex=\"-1\" >\n\t\t\tRead More\t\t<\/a>\n\n\t\t\t\t<\/div>\n\t\t\t\t<\/article>\n\t\t\t\t<article class=\"elementor-post elementor-grid-item post-2454 post type-post status-publish format-standard has-post-thumbnail hentry category-noticias-da-iri tag-amazonia tag-amazonia-viva tag-cannes-2024 tag-experiencia-imersiva tag-florestas-tropicais tag-iniciativa-inter-religiosa-pelas-florestas-tropicais tag-iri-brasil tag-marche-du-film tag-meio-ambiente tag-metaverso tag-mudancas-climaticas tag-povos-indigenas tag-raquel-tupinamba tag-realidade-virtual\">\n\t\t\t\t<a class=\"elementor-post__thumbnail__link\" href=\"https:\/\/iribrasil.org\/en\/2024\/05\/30\/amazonia-viva-representa-o-brasil-no-marche-du-film-em-cannes-2024\/\" tabindex=\"-1\" >\n\t\t\t<div class=\"elementor-post__thumbnail\"><img loading=\"lazy\" decoding=\"async\" width=\"800\" height=\"797\" src=\"https:\/\/iribrasil.org\/wp-content\/uploads\/2024\/06\/WhatsApp-Image-2024-05-20-at-12.36.14-1-1024x1020.jpeg\" class=\"attachment-large size-large wp-image-2458\" alt=\"\" srcset=\"https:\/\/iribrasil.org\/wp-content\/uploads\/2024\/06\/WhatsApp-Image-2024-05-20-at-12.36.14-1-1024x1020.jpeg 1024w, https:\/\/iribrasil.org\/wp-content\/uploads\/2024\/06\/WhatsApp-Image-2024-05-20-at-12.36.14-1-300x300.jpeg 300w, https:\/\/iribrasil.org\/wp-content\/uploads\/2024\/06\/WhatsApp-Image-2024-05-20-at-12.36.14-1-150x150.jpeg 150w, https:\/\/iribrasil.org\/wp-content\/uploads\/2024\/06\/WhatsApp-Image-2024-05-20-at-12.36.14-1-768x765.jpeg 768w, https:\/\/iribrasil.org\/wp-content\/uploads\/2024\/06\/WhatsApp-Image-2024-05-20-at-12.36.14-1-12x12.jpeg 12w, https:\/\/iribrasil.org\/wp-content\/uploads\/2024\/06\/WhatsApp-Image-2024-05-20-at-12.36.14-1.jpeg 1170w\" sizes=\"auto, (max-width: 800px) 100vw, 800px\" \/><\/div>\n\t\t<\/a>\n\t\t\t\t<div class=\"elementor-post__text\">\n\t\t\t\t<h3 class=\"elementor-post__title\">\n\t\t\t<a href=\"https:\/\/iribrasil.org\/en\/2024\/05\/30\/amazonia-viva-representa-o-brasil-no-marche-du-film-em-cannes-2024\/\" >\n\t\t\t\t&#8220;Amaz\u00f4nia Viva&#8221; representa o Brasil no March\u00e9 du Film em Cannes 2024\t\t\t<\/a>\n\t\t<\/h3>\n\t\t\t\t<div class=\"elementor-post__meta-data\">\n\t\t\t\t\t<span class=\"elementor-post-date\">\n\t\t\tMay 30, 2024\t\t<\/span>\n\t\t\t\t<\/div>\n\t\t\t\t<div class=\"elementor-post__excerpt\">\n\t\t\t<p>O filme &#8220;Amaz\u00f4nia Viva&#8221;, projeto da Iniciativa Inter-religiosa pelas Florestas Tropicais (IRI Brasil), esteve presente simbolicamente no March\u00e9 du Film do Festival de Cannes 2024.<\/p>\n\t\t<\/div>\n\t\t\n\t\t<a class=\"elementor-post__read-more\" href=\"https:\/\/iribrasil.org\/en\/2024\/05\/30\/amazonia-viva-representa-o-brasil-no-marche-du-film-em-cannes-2024\/\" aria-label=\"Read more about &#8220;Amaz\u00f4nia Viva&#8221; representa o Brasil no March\u00e9 du Film em Cannes 2024\" tabindex=\"-1\" >\n\t\t\tRead More\t\t<\/a>\n\n\t\t\t\t<\/div>\n\t\t\t\t<\/article>\n\t\t\t\t<\/div>\n\t\t\n\t\t\t\t<div class=\"e-load-more-anchor\" data-page=\"1\" data-max-page=\"6\" data-next-page=\"https:\/\/iribrasil.org\/en\/wp-json\/wp\/v2\/pages\/1234\/page\/2\/\"><\/div>\n\t\t\t\t<nav class=\"elementor-pagination\" aria-label=\"Pagination\">\n\t\t\t<span class=\"page-numbers prev\">Previous<\/span>\n<span aria-current=\"page\" class=\"page-numbers current\"><span class=\"elementor-screen-only\">Page<\/span>1<\/span>\n<a class=\"page-numbers\" href=\"https:\/\/iribrasil.org\/en\/wp-json\/wp\/v2\/pages\/1234\/page\/2\/\"><span class=\"elementor-screen-only\">Page<\/span>2<\/a>\n<a class=\"page-numbers\" href=\"https:\/\/iribrasil.org\/en\/wp-json\/wp\/v2\/pages\/1234\/page\/3\/\"><span class=\"elementor-screen-only\">Page<\/span>3<\/a>\n<span class=\"page-numbers dots\">&hellip;<\/span>\n<a class=\"page-numbers\" href=\"https:\/\/iribrasil.org\/en\/wp-json\/wp\/v2\/pages\/1234\/page\/6\/\"><span class=\"elementor-screen-only\">Page<\/span>6<\/a>\n<a class=\"page-numbers next\" href=\"https:\/\/iribrasil.org\/en\/wp-json\/wp\/v2\/pages\/1234\/page\/2\/\">Next<\/a>\t\t<\/nav>\n\t\t\t\t<\/div>\n\t\t\t\t<\/div>\n\t\t\t\t\t<\/div>\n\t\t<\/div>\n\t\t\t\t\t\t\t<\/div>\n\t\t<\/section>\n\t\t\t\t\t\t\t<\/div>","protected":false},"excerpt":{"rendered":"","protected":false},"author":5,"featured_media":0,"parent":0,"menu_order":0,"comment_status":"closed","ping_status":"closed","template":"","meta":{"_mi_skip_tracking":false,"_monsterinsights_sitenote_active":false,"_monsterinsights_sitenote_note":"","_monsterinsights_sitenote_category":0,"footnotes":""},"class_list":["post-1234","page","type-page","status-publish","hentry"],"_links":{"self":[{"href":"https:\/\/iribrasil.org\/en\/wp-json\/wp\/v2\/pages\/1234","targetHints":{"allow":["GET"]}}],"collection":[{"href":"https:\/\/iribrasil.org\/en\/wp-json\/wp\/v2\/pages"}],"about":[{"href":"https:\/\/iribrasil.org\/en\/wp-json\/wp\/v2\/types\/page"}],"author":[{"embeddable":true,"href":"https:\/\/iribrasil.org\/en\/wp-json\/wp\/v2\/users\/5"}],"replies":[{"embeddable":true,"href":"https:\/\/iribrasil.org\/en\/wp-json\/wp\/v2\/comments?post=1234"}],"version-history":[{"count":0,"href":"https:\/\/iribrasil.org\/en\/wp-json\/wp\/v2\/pages\/1234\/revisions"}],"wp:attachment":[{"href":"https:\/\/iribrasil.org\/en\/wp-json\/wp\/v2\/media?parent=1234"}],"curies":[{"name":"wp","href":"https:\/\/api.w.org\/{rel}","templated":true}]}}